{"id":145,"date":"2021-10-13T14:40:29","date_gmt":"2021-10-13T12:40:29","guid":{"rendered":"http:\/\/www.nelly-weill-sage-femme.fr\/?page_id=145"},"modified":"2021-11-14T17:44:11","modified_gmt":"2021-11-14T16:44:11","slug":"entretien-prenatal-precoce","status":"publish","type":"page","link":"https:\/\/www.nelly-weill-sage-femme.fr\/index.php\/entretien-prenatal-precoce\/","title":{"rendered":"Entretien pr\u00e9natal pr\u00e9coce"},"content":{"rendered":"\n<div class=\"wp-block-cover aligncenter has-background-dim-30 has-background-dim\" style=\"min-height:398px\"><img loading=\"lazy\" width=\"600\" height=\"400\" class=\"wp-block-cover__image-background wp-image-338\" alt=\"\" src=\"https:\/\/www.nelly-weill-sage-femme.fr\/wp-content\/uploads\/2021\/11\/photo-entretien-prenatal.jpg\" style=\"object-position:48% 41%\" data-object-fit=\"cover\" data-object-position=\"48% 41%\" srcset=\"https:\/\/www.nelly-weill-sage-femme.fr\/wp-content\/uploads\/2021\/11\/photo-entretien-prenatal.jpg 600w, https:\/\/www.nelly-weill-sage-femme.fr\/wp-content\/uploads\/2021\/11\/photo-entretien-prenatal-300x200.jpg 300w\" sizes=\"(max-width: 600px) 100vw, 600px\" \/><div class=\"wp-block-cover__inner-container\">\n<p class=\"has-large-font-size\"><\/p>\n<\/div><\/div>\n\n\n\n<p><\/p>\n\n\n\n<p>Depuis le 1er mai 2020, l\u2019<strong>entretien pr\u00e9natal pr\u00e9coce<\/strong>\u00a0fait dor\u00e9navant partie des rendez-vous de suivi obligatoires de grossesse. Il\u00a0<strong>int\u00e8gre le parcours de grossesse<\/strong>, \u00e0 l\u2019image des 7 examens pr\u00e9nataux d\u00e9j\u00e0 obligatoires. Il peut avoir lieu d\u00e8s le 4\u00e8me mois de grossesse ou plus tard . Ce temps de parole et d\u2019\u00e9changes a pour objectif d\u2019aider la femme enceinte\/le couple \u00e0 bien vivre la grossesse et d\u2019\u00e9valuer les besoins en mati\u00e8re d\u2019accompagnement des futurs parents.<\/p>\n\n\n\n<p>C\u2019est un entretien individuel o\u00f9 le co-parent est encourag\u00e9 \u00e0 participer.<\/p>\n\n\n\n<p>En r\u00e9sum\u00e9, l\u2019entretien pr\u00e9natal pr\u00e9coce est notamment l\u2019occasion :<\/p>\n\n\n\n<ul><li>de faire le point sur votre suivi m\u00e9dical et le projet de naissance ;<\/li><li>d\u2019identifier vos besoins d\u2019information et d&rsquo;\u00e9ventuelles difficult\u00e9s ;<\/li><li>de vous accompagner ou vous orienter si besoin, vers d\u2019autres professionnels en transmettant des informations adapt\u00e9es \u00e0 la situation.<\/li><li>De discuter et programmer une \u00e9ventuelle pr\u00e9paration \u00e0 la naissance<\/li><\/ul>\n\n\n\n<p>.<\/p>\n","protected":false},"excerpt":{"rendered":"<p>Depuis le 1er mai 2020, l\u2019entretien pr\u00e9natal pr\u00e9coce\u00a0fait dor\u00e9navant partie des rendez-vous de suivi obligatoires de grossesse. Il\u00a0int\u00e8gre le parcours &hellip; <\/p>\n","protected":false},"author":1,"featured_media":0,"parent":0,"menu_order":0,"comment_status":"closed","ping_status":"closed","template":"","meta":[],"_links":{"self":[{"href":"https:\/\/www.nelly-weill-sage-femme.fr\/index.php\/wp-json\/wp\/v2\/pages\/145"}],"collection":[{"href":"https:\/\/www.nelly-weill-sage-femme.fr\/index.php\/wp-json\/wp\/v2\/pages"}],"about":[{"href":"https:\/\/www.nelly-weill-sage-femme.fr\/index.php\/wp-json\/wp\/v2\/types\/page"}],"author":[{"embeddable":true,"href":"https:\/\/www.nelly-weill-sage-femme.fr\/index.php\/wp-json\/wp\/v2\/users\/1"}],"replies":[{"embeddable":true,"href":"https:\/\/www.nelly-weill-sage-femme.fr\/index.php\/wp-json\/wp\/v2\/comments?post=145"}],"version-history":[{"count":8,"href":"https:\/\/www.nelly-weill-sage-femme.fr\/index.php\/wp-json\/wp\/v2\/pages\/145\/revisions"}],"predecessor-version":[{"id":342,"href":"https:\/\/www.nelly-weill-sage-femme.fr\/index.php\/wp-json\/wp\/v2\/pages\/145\/revisions\/342"}],"wp:attachment":[{"href":"https:\/\/www.nelly-weill-sage-femme.fr\/index.php\/wp-json\/wp\/v2\/media?parent=145"}],"curies":[{"name":"wp","href":"https:\/\/api.w.org\/{rel}","templated":true}]}}